{"id":359,"date":"2023-04-19T16:30:12","date_gmt":"2023-04-19T14:30:12","guid":{"rendered":"https:\/\/grafix-dezign.de\/greiner\/?page_id=359"},"modified":"2023-04-30T09:36:18","modified_gmt":"2023-04-30T07:36:18","slug":"drei-zimmer-eigentumswohnung-in-fachwerkhaus-im-luftkurort-schotten","status":"publish","type":"page","link":"https:\/\/www.sgreiner-immobilien.de\/content\/drei-zimmer-eigentumswohnung-in-fachwerkhaus-im-luftkurort-schotten\/","title":{"rendered":"Drei Zimmer &#8211; Eigentumswohnung in Fachwerkhaus im Luftkurort Schotten"},"content":{"rendered":"\n<div id=\"section-g6341b0\" class=\"wp-block-gutentor-e6 section-g6341b0 gutentor-element gutentor-element-image\"><div class=\"gutentor-element-image-box\"><div class=\"gutentor-bg-image\"><\/div><\/div><\/div>\n\n\n\n<section id=\"gm48da93f\" class=\"wp-block-gutentor-m4 section-gm48da93f gutentor-module gutentor-advanced-columns has-image-bg has-custom-bg\"><div class=\"grid-container\"><div class=\"grid-row\">\n<div id=\"col-gm81afb6\" class=\"wp-block-gutentor-m4-col col-gm81afb6 gutentor-single-column  grid-lg-12 grid-md-12 grid-12\"><div id=\"section-gm81afb6\" class=\"section-gm81afb6 gutentor-col-wrap\">\n<div id=\"section-g0aa945\" class=\"wp-block-gutentor-e1 section-g0aa945 gutentor-element gutentor-element-advanced-text\"><div class=\"gutentor-text-wrap\"><h2 class=\"gutentor-text\">Drei Zimmer &#8211; Eigentumswohnung im wundersch\u00f6nen Fachwerkhaus im Luftkurort Schotten<\/h2><\/div><\/div>\n<\/div><\/div>\n<\/div><\/div><\/section>\n\n\n\n<section id=\"section-cb6ac2ad-0805-43aa-b980-b6ac1189d567\" class=\"wp-block-gutentor-gallery gutentor-section gutentor-gallery gutentor-gallery-wrapper enable-masonry gallery-template2\"><div class=\"grid-container\"><div class=\"grid-row gutentor-grid-item-wrap full-width-row\"><div class=\"gutentor-gallery-item grid-lg-2m3 grid-md-4 grid-6\"><div class=\"gutentor-single-item gutentor-image gutentor-single-item-0\"><div class=\"gutentor-gallery-item-wrap\"><div class=\"gutentor-single-item-image-box\"><div class=\"gutentor-image-thumb\"><img loading=\"lazy\" decoding=\"async\" class=\"normal-image\" src=\"https:\/\/www.sgreiner-immobilien.de\/content\/wp-content\/uploads\/2023\/04\/Hausansicht_0.jpg\" alt=\"\" height=\"633\" width=\"877\"\/><\/div><\/div><div class=\"gutentor-single-item-content\"><div class=\"gutentor-gallery-item-header\"><a href=\"https:\/\/www.sgreiner-immobilien.de\/content\/wp-content\/uploads\/2023\/04\/Hausansicht_0.jpg\" class=\"image-gallery\"><i class=\"gallery-icon fas fa-search\"><\/i><\/a><\/div><div class=\"gutentor-gallery-item-desc\"><\/div><\/div><\/div><\/div><\/div><div class=\"gutentor-gallery-item grid-lg-2m3 grid-md-4 grid-6\"><div class=\"gutentor-single-item gutentor-image gutentor-single-item-1\"><div class=\"gutentor-gallery-item-wrap\"><div class=\"gutentor-single-item-image-box\"><div class=\"gutentor-image-thumb\"><img loading=\"lazy\" decoding=\"async\" class=\"normal-image\" src=\"https:\/\/www.sgreiner-immobilien.de\/content\/wp-content\/uploads\/2023\/04\/Ansicht-Garage_0.jpg\" alt=\"\" height=\"633\" width=\"883\"\/><\/div><\/div><div class=\"gutentor-single-item-content\"><div class=\"gutentor-gallery-item-header\"><a href=\"https:\/\/www.sgreiner-immobilien.de\/content\/wp-content\/uploads\/2023\/04\/Ansicht-Garage_0.jpg\" class=\"image-gallery\"><i class=\"gallery-icon fas fa-search\"><\/i><\/a><\/div><div class=\"gutentor-gallery-item-desc\"><\/div><\/div><\/div><\/div><\/div><div class=\"gutentor-gallery-item grid-lg-2m3 grid-md-4 grid-6\"><div class=\"gutentor-single-item gutentor-image gutentor-single-item-2\"><div class=\"gutentor-gallery-item-wrap\"><div class=\"gutentor-single-item-image-box\"><div class=\"gutentor-image-thumb\"><img loading=\"lazy\" decoding=\"async\" class=\"normal-image\" src=\"https:\/\/www.sgreiner-immobilien.de\/content\/wp-content\/uploads\/2023\/04\/Hausansicht-II_0.jpg\" alt=\"\" height=\"638\" width=\"886\"\/><\/div><\/div><div class=\"gutentor-single-item-content\"><div class=\"gutentor-gallery-item-header\"><a href=\"https:\/\/www.sgreiner-immobilien.de\/content\/wp-content\/uploads\/2023\/04\/Hausansicht-II_0.jpg\" class=\"image-gallery\"><i class=\"gallery-icon fas fa-search\"><\/i><\/a><\/div><div class=\"gutentor-gallery-item-desc\"><\/div><\/div><\/div><\/div><\/div><div class=\"gutentor-gallery-item grid-lg-2m3 grid-md-4 grid-6\"><div class=\"gutentor-single-item gutentor-image gutentor-single-item-3\"><div class=\"gutentor-gallery-item-wrap\"><div class=\"gutentor-single-item-image-box\"><div class=\"gutentor-image-thumb\"><img loading=\"lazy\" decoding=\"async\" class=\"normal-image\" src=\"https:\/\/www.sgreiner-immobilien.de\/content\/wp-content\/uploads\/2023\/04\/Dachgeschoss-1.jpg\" alt=\"\" height=\"636\" width=\"476\"\/><\/div><\/div><div class=\"gutentor-single-item-content\"><div class=\"gutentor-gallery-item-header\"><a href=\"https:\/\/www.sgreiner-immobilien.de\/content\/wp-content\/uploads\/2023\/04\/Dachgeschoss-1.jpg\" class=\"image-gallery\"><i class=\"gallery-icon fas fa-search\"><\/i><\/a><\/div><div class=\"gutentor-gallery-item-desc\"><\/div><\/div><\/div><\/div><\/div><div class=\"gutentor-gallery-item grid-lg-2m3 grid-md-4 grid-6\"><div class=\"gutentor-single-item gutentor-image gutentor-single-item-4\"><div class=\"gutentor-gallery-item-wrap\"><div class=\"gutentor-single-item-image-box\"><div class=\"gutentor-image-thumb\"><img loading=\"lazy\" decoding=\"async\" class=\"normal-image\" src=\"https:\/\/www.sgreiner-immobilien.de\/content\/wp-content\/uploads\/2023\/04\/Spitzboden.jpg\" alt=\"\" height=\"638\" width=\"515\"\/><\/div><\/div><div class=\"gutentor-single-item-content\"><div class=\"gutentor-gallery-item-header\"><a href=\"https:\/\/www.sgreiner-immobilien.de\/content\/wp-content\/uploads\/2023\/04\/Spitzboden.jpg\" class=\"image-gallery\"><i class=\"gallery-icon fas fa-search\"><\/i><\/a><\/div><div class=\"gutentor-gallery-item-desc\"><\/div><\/div><\/div><\/div><\/div><div class=\"gutentor-gallery-item grid-lg-2m3 grid-md-4 grid-6\"><div class=\"gutentor-single-item gutentor-image gutentor-single-item-5\"><div class=\"gutentor-gallery-item-wrap\"><div class=\"gutentor-single-item-image-box\"><div class=\"gutentor-image-thumb\"><img loading=\"lazy\" decoding=\"async\" class=\"normal-image\" src=\"https:\/\/www.sgreiner-immobilien.de\/content\/wp-content\/uploads\/2023\/04\/1-4.jpg\" alt=\"\" height=\"830\" width=\"622\"\/><\/div><\/div><div class=\"gutentor-single-item-content\"><div class=\"gutentor-gallery-item-header\"><a href=\"https:\/\/www.sgreiner-immobilien.de\/content\/wp-content\/uploads\/2023\/04\/1-4.jpg\" class=\"image-gallery\"><i class=\"gallery-icon fas fa-search\"><\/i><\/a><\/div><div class=\"gutentor-gallery-item-desc\"><\/div><\/div><\/div><\/div><\/div><div class=\"gutentor-gallery-item grid-lg-2m3 grid-md-4 grid-6\"><div class=\"gutentor-single-item gutentor-image gutentor-single-item-6\"><div class=\"gutentor-gallery-item-wrap\"><div class=\"gutentor-single-item-image-box\"><div class=\"gutentor-image-thumb\"><img loading=\"lazy\" decoding=\"async\" class=\"normal-image\" src=\"https:\/\/www.sgreiner-immobilien.de\/content\/wp-content\/uploads\/2023\/04\/2-5.jpg\" alt=\"\" height=\"830\" width=\"622\"\/><\/div><\/div><div class=\"gutentor-single-item-content\"><div class=\"gutentor-gallery-item-header\"><a href=\"https:\/\/www.sgreiner-immobilien.de\/content\/wp-content\/uploads\/2023\/04\/2-5.jpg\" class=\"image-gallery\"><i class=\"gallery-icon fas fa-search\"><\/i><\/a><\/div><div class=\"gutentor-gallery-item-desc\"><\/div><\/div><\/div><\/div><\/div><div class=\"gutentor-gallery-item grid-lg-2m3 grid-md-4 grid-6\"><div class=\"gutentor-single-item gutentor-image gutentor-single-item-7\"><div class=\"gutentor-gallery-item-wrap\"><div class=\"gutentor-single-item-image-box\"><div class=\"gutentor-image-thumb\"><img loading=\"lazy\" decoding=\"async\" class=\"normal-image\" src=\"https:\/\/www.sgreiner-immobilien.de\/content\/wp-content\/uploads\/2023\/04\/0x400.jpg\" alt=\"\" height=\"400\" width=\"302\"\/><\/div><\/div><div class=\"gutentor-single-item-content\"><div class=\"gutentor-gallery-item-header\"><a href=\"https:\/\/www.sgreiner-immobilien.de\/content\/wp-content\/uploads\/2023\/04\/0x400.jpg\" class=\"image-gallery\"><i class=\"gallery-icon fas fa-search\"><\/i><\/a><\/div><div class=\"gutentor-gallery-item-desc\"><\/div><\/div><\/div><\/div><\/div><\/div><\/div><\/section>\n\n\n\n<section id=\"gmdeb7a21\" class=\"wp-block-gutentor-m4 section-gmdeb7a21 gutentor-module gutentor-advanced-columns\"><div class=\"grid-container\"><div class=\"grid-row\">\n<div id=\"col-gm53ab34\" class=\"wp-block-gutentor-m4-col col-gm53ab34 gutentor-single-column  grid-lg-12 grid-md-12 grid-12\"><div id=\"section-gm53ab34\" class=\"section-gm53ab34 gutentor-col-wrap\">\n<div id=\"section-g67304b\" class=\"wp-block-gutentor-e1 section-g67304b gutentor-element gutentor-element-advanced-text\"><div class=\"gutentor-text-wrap\"><p class=\"gutentor-text\">Bei diesem Objekt handelt es sich um eine ca. 99 qm 3-Zimmer Dachgeschosswohnung auf zwei Etagen, in einem denkmalgesch\u00fctzten Mehrfamilien Fachwerkhaus, welches 1910 erbaut und 2005 aufwendig umsaniert, entkernt und modernisiert wurde.<br><br>Insgesamt befinden sich 6 Wohnungen im Geb\u00e4ude, jeweils 2 pro Etage. Die Wohnung um die es sich hier handelt, befindet sich im zweiten Obergeschoss auf der rechten Seite.<\/p><\/div><\/div>\n\n\n\n<div id=\"section-g904318\" class=\"wp-block-gutentor-e1 section-g904318 gutentor-element gutentor-element-advanced-text\"><div class=\"gutentor-text-wrap\"><h4 class=\"gutentor-text\">Ausstattung:<\/h4><\/div><\/div>\n\n\n\n<div id=\"section-g9c3c36\" class=\"wp-block-gutentor-e7 section-g9c3c36 gutentor-element gutentor-element-list\"><ul class=\"grid-row gutentor-grid-item-wrap list-indicator-icon\"><li class=\"gutentor-list-item grid-lg-12 grid-md-12 grid-12\"><span class=\"gutentor-single-item gutentor-single-item-0\"><span class=\"gutentor-list-item-wrap g-s-list-wrap\"><span class=\"gutentor-single-list-item-icon\"><i class=\"list-item-icon fas fa-check\"><\/i><\/span><span class=\"gutentor-list-item\"><p class=\"gutentor-single-item-title\">Repr\u00e4sentativer Eingangsbereich mit Rundb\u00f6gen<\/p><\/span><\/span><\/span><\/li><li class=\"gutentor-list-item grid-lg-12 grid-md-12 grid-12\"><span class=\"gutentor-single-item gutentor-single-item-1\"><span class=\"gutentor-list-item-wrap g-s-list-wrap\"><span class=\"gutentor-single-list-item-icon\"><i class=\"list-item-icon fas fa-check\"><\/i><\/span><span class=\"gutentor-list-item\"><p class=\"gutentor-single-item-title\">Gro\u00dfes lichtdurchflutetes Wohnzimmer<\/p><\/span><\/span><\/span><\/li><li class=\"gutentor-list-item grid-lg-12 grid-md-12 grid-12\"><span class=\"gutentor-single-item gutentor-single-item-2\"><span class=\"gutentor-list-item-wrap g-s-list-wrap\"><span class=\"gutentor-single-list-item-icon\"><i class=\"list-item-icon fas fa-check\"><\/i><\/span><span class=\"gutentor-list-item\"><p class=\"gutentor-single-item-title\">Isolierte Sprossenfenster<\/p><\/span><\/span><\/span><\/li><li class=\"gutentor-list-item grid-lg-12 grid-md-12 grid-12\"><span class=\"gutentor-single-item gutentor-single-item-3\"><span class=\"gutentor-list-item-wrap g-s-list-wrap\"><span class=\"gutentor-single-list-item-icon\"><i class=\"list-item-icon fas fa-check\"><\/i><\/span><span class=\"gutentor-list-item\"><p class=\"gutentor-single-item-title\">Tageslichtbad mit Dusche<\/p><\/span><\/span><\/span><\/li><li class=\"gutentor-list-item grid-lg-12 grid-md-12 grid-12\"><span class=\"gutentor-single-item gutentor-single-item-4\"><span class=\"gutentor-list-item-wrap g-s-list-wrap\"><span class=\"gutentor-single-list-item-icon\"><i class=\"list-item-icon fas fa-check\"><\/i><\/span><span class=\"gutentor-list-item\"><p class=\"gutentor-single-item-title\">\u00d6l-Zentralheizung<\/p><\/span><\/span><\/span><\/li><li class=\"gutentor-list-item grid-lg-12 grid-md-12 grid-12\"><span class=\"gutentor-single-item gutentor-single-item-5\"><span class=\"gutentor-list-item-wrap g-s-list-wrap\"><span class=\"gutentor-single-list-item-icon\"><i class=\"list-item-icon fas fa-check\"><\/i><\/span><span class=\"gutentor-list-item\"><p class=\"gutentor-single-item-title\">PKW Aussenstellplatz<\/p><\/span><\/span><\/span><\/li><li class=\"gutentor-list-item grid-lg-12 grid-md-12 grid-12\"><span class=\"gutentor-single-item gutentor-single-item-6\"><span class=\"gutentor-list-item-wrap g-s-list-wrap\"><span class=\"gutentor-single-list-item-icon\"><i class=\"list-item-icon fas fa-check\"><\/i><\/span><span class=\"gutentor-list-item\"><p class=\"gutentor-single-item-title\">Wasch- und Trockenraum<\/p><\/span><\/span><\/span><\/li><li class=\"gutentor-list-item grid-lg-12 grid-md-12 grid-12\"><span class=\"gutentor-single-item gutentor-single-item-7\"><span class=\"gutentor-list-item-wrap g-s-list-wrap\"><span class=\"gutentor-single-list-item-icon\"><i class=\"list-item-icon fas fa-check\"><\/i><\/span><span class=\"gutentor-list-item\"><p class=\"gutentor-single-item-title\">Fahrradraum<\/p><\/span><\/span><\/span><\/li><\/ul><\/div>\n\n\n\n<div id=\"section-gb3b279\" class=\"wp-block-gutentor-e1 section-gb3b279 gutentor-element gutentor-element-advanced-text\"><div class=\"gutentor-text-wrap\"><p class=\"gutentor-text\"><strong>Lage:&nbsp;<\/strong><br>Der Luftkurort Schotten, auch bekannt als die &#8222;Stadt am Gr\u00fcnen Vulkan&#8220;, liegt im sch\u00f6nen Vogelsbergkreis, direkt zwischen Gie\u00dfen, Fulda und dem Wetteraukreis.<br>Das Objekt befindet sich in dem kleinen h\u00fcbschen Ort Eichelsachsen, im s\u00fcdlichsten Teil Schotten\u00b4s.&nbsp; Mit dem PKW erreichen unmittelbar die Bundesautobahnen BAB 45 und die A5. Ebenfalls sind Gie\u00dfen, Fulda und Frankfurt am Main mit den \u00f6ffentlichen Verkehrsmitteln erreichbar.<br><br><strong>Kaufpreis: 187.000\u20ac<\/strong><\/p><\/div><\/div>\n<\/div><\/div>\n<\/div><\/div><\/section>\n\n\n\n<section id=\"gm22b08de\" class=\"wp-block-gutentor-m4 section-gm22b08de gutentor-module gutentor-advanced-columns has-color-bg has-custom-bg\"><div class=\"grid-container\"><div class=\"grid-row\">\n<div id=\"col-gmf9ca4f\" class=\"wp-block-gutentor-m4-col col-gmf9ca4f gutentor-single-column  grid-lg-12 grid-md-12 grid-12\"><div id=\"section-gmf9ca4f\" class=\"section-gmf9ca4f gutentor-col-wrap\">\n<div id=\"section-g6414a0\" class=\"wp-block-gutentor-e1 section-g6414a0 gutentor-element gutentor-element-advanced-text text-align-center-desktop\"><div class=\"gutentor-text-wrap\"><h2 class=\"gutentor-text\">Interesse an diesem Objekt?<\/h2><\/div><\/div>\n\n\n\n<div id=\"section-gaac467\" class=\"wp-block-gutentor-e1 section-gaac467 gutentor-element gutentor-element-advanced-text text-align-center-desktop\"><div class=\"gutentor-text-wrap\"><p class=\"gutentor-text\">Gerne informieren wir Sie \u00fcber Details und vereinbaren einen Besichtigungstermin:<\/p><\/div><\/div>\n\n\n\n<section id=\"gm6f553f7\" class=\"wp-block-gutentor-m4 section-gm6f553f7 gutentor-module gutentor-advanced-columns\"><div class=\"grid-container\"><div class=\"grid-row\">\n<div id=\"col-gm97b0fb\" class=\"wp-block-gutentor-m4-col col-gm97b0fb gutentor-single-column  grid-lg-6 grid-md-12 grid-12\"><div id=\"section-gm97b0fb\" class=\"section-gm97b0fb gutentor-col-wrap\">\n<div id=\"section-g6c389c\" class=\"wp-block-gutentor-e2 section-g6c389c gutentor-element gutentor-element-button button-align-center-desktop\"><span class=\"gutentor-button-wrap\"><a class=\"gutentor-button gutentor-block-button gutentor-icon-before\" href=\"tel:\/\/06102320611\"><i class=\"gutentor-button-icon fas fa-phone\"><\/i><span>06102 \/ 32 06 11<\/span><\/a><\/span><\/div>\n<\/div><\/div>\n\n\n\n<div id=\"col-gm83f8e3\" class=\"wp-block-gutentor-m4-col col-gm83f8e3 gutentor-single-column  grid-lg-6 grid-md-12 grid-12\"><div id=\"section-gm83f8e3\" class=\"section-gm83f8e3 gutentor-col-wrap\">\n<div id=\"section-g7c481b\" class=\"wp-block-gutentor-e2 section-g7c481b gutentor-element gutentor-element-button\"><span class=\"gutentor-button-wrap\"><a class=\"gutentor-button gutentor-block-button gutentor-icon-before\" href=\"mailto:info@sgreiner-immobilien.de\"><i class=\"gutentor-button-icon fas fa-envelope\"><\/i><span>info@sgreiner-immobilien.de<\/span><\/a><\/span><\/div>\n<\/div><\/div>\n<\/div><\/div><\/section>\n\n\n\n<div id=\"section-g6db7dd\" class=\"wp-block-gutentor-e1 section-g6db7dd gutentor-element gutentor-element-advanced-text text-align-center-desktop\"><div class=\"gutentor-text-wrap\"><h4 class=\"gutentor-text\"><a href=\"https:\/\/www.sgreiner-immobilien.de\/content\/objekte\/\">Mehr Immobilienobjekte anzeigen<\/a><\/h4><\/div><\/div>\n<\/div><\/div>\n<\/div><\/div><\/section>\n","protected":false},"excerpt":{"rendered":"","protected":false},"author":1,"featured_media":0,"parent":0,"menu_order":0,"comment_status":"closed","ping_status":"closed","template":"template-gutentor-full-width.php","meta":{"footnotes":""},"class_list":["post-359","page","type-page","status-publish","hentry"],"_links":{"self":[{"href":"https:\/\/www.sgreiner-immobilien.de\/content\/wp-json\/wp\/v2\/pages\/359","targetHints":{"allow":["GET"]}}],"collection":[{"href":"https:\/\/www.sgreiner-immobilien.de\/content\/wp-json\/wp\/v2\/pages"}],"about":[{"href":"https:\/\/www.sgreiner-immobilien.de\/content\/wp-json\/wp\/v2\/types\/page"}],"author":[{"embeddable":true,"href":"https:\/\/www.sgreiner-immobilien.de\/content\/wp-json\/wp\/v2\/users\/1"}],"replies":[{"embeddable":true,"href":"https:\/\/www.sgreiner-immobilien.de\/content\/wp-json\/wp\/v2\/comments?post=359"}],"version-history":[{"count":8,"href":"https:\/\/www.sgreiner-immobilien.de\/content\/wp-json\/wp\/v2\/pages\/359\/revisions"}],"predecessor-version":[{"id":1428,"href":"https:\/\/www.sgreiner-immobilien.de\/content\/wp-json\/wp\/v2\/pages\/359\/revisions\/1428"}],"wp:attachment":[{"href":"https:\/\/www.sgreiner-immobilien.de\/content\/wp-json\/wp\/v2\/media?parent=359"}],"curies":[{"name":"wp","href":"https:\/\/api.w.org\/{rel}","templated":true}]}}